{"id":1514,"date":"2023-08-31T11:06:39","date_gmt":"2023-08-31T09:06:39","guid":{"rendered":"https:\/\/www.habitarquitectura.com\/?page_id=1514"},"modified":"2026-04-15T11:23:22","modified_gmt":"2026-04-15T09:23:22","slug":"projects","status":"publish","type":"page","link":"https:\/\/www.habitarquitectura.com\/en\/proyectos\/","title":{"rendered":"Projects"},"content":{"rendered":"<div data-elementor-type=\"wp-page\" data-elementor-id=\"1514\" class=\"elementor elementor-1514\" data-elementor-post-type=\"page\">\n\t\t\t\t\t\t<section class=\"elementor-section elementor-top-section elementor-element elementor-element-6c8327fe elementor-section-height-min-height elementor-section-content-middle elementor-section-boxed elementor-section-height-default elementor-section-items-middle\" data-id=\"6c8327fe\" data-element_type=\"section\" data-e-type=\"section\" data-settings=\"{&quot;background_background&quot;:&quot;classic&quot;}\">\n\t\t\t\t\t\t\t<div class=\"elementor-background-overlay\"><\/div>\n\t\t\t\t\t\t\t<div class=\"elementor-container elementor-column-gap-no\">\n\t\t\t\t\t<div class=\"elementor-column elementor-col-100 elementor-top-column elementor-element elementor-element-309aae9e\" data-id=\"309aae9e\" data-element_type=\"column\" data-e-type=\"column\" data-settings=\"{&quot;background_background&quot;:&quot;classic&quot;}\">\n\t\t\t<div class=\"elementor-widget-wrap elementor-element-populated\">\n\t\t\t\t\t<div class=\"elementor-background-overlay\"><\/div>\n\t\t\t\t\t\t<div class=\"elementor-element elementor-element-2ba89928 elementor-widget elementor-widget-heading\" data-id=\"2ba89928\" data-element_type=\"widget\" data-e-type=\"widget\" data-widget_type=\"heading.default\">\n\t\t\t\t<div class=\"elementor-widget-container\">\n\t\t\t\t\t<h1 class=\"elementor-heading-title elementor-size-default\">Projects<\/h1>\t\t\t\t<\/div>\n\t\t\t\t<\/div>\n\t\t\t\t\t<\/div>\n\t\t<\/div>\n\t\t\t\t\t<\/div>\n\t\t<\/section>\n\t\t\t\t<section class=\"elementor-section elementor-top-section elementor-element elementor-element-bbcb992 elementor-section-content-middle envato-kit-141 elementor-section-boxed elementor-section-height-default elementor-section-height-default\" data-id=\"bbcb992\" data-element_type=\"section\" data-e-type=\"section\" data-settings=\"{&quot;background_background&quot;:&quot;classic&quot;}\">\n\t\t\t\t\t\t\t<div class=\"elementor-background-overlay\"><\/div>\n\t\t\t\t\t\t\t<div class=\"elementor-container elementor-column-gap-wide\">\n\t\t\t\t\t<div class=\"elementor-column elementor-col-100 elementor-top-column elementor-element elementor-element-5783c1a0\" data-id=\"5783c1a0\" data-element_type=\"column\" data-e-type=\"column\">\n\t\t\t<div class=\"elementor-widget-wrap elementor-element-populated\">\n\t\t\t\t\t\t<div class=\"elementor-element elementor-element-6f48daf elementor-invisible elementor-widget elementor-widget-heading\" data-id=\"6f48daf\" data-element_type=\"widget\" data-e-type=\"widget\" data-settings=\"{&quot;_animation&quot;:&quot;fadeIn&quot;,&quot;_animation_delay&quot;:50}\" data-widget_type=\"heading.default\">\n\t\t\t\t<div class=\"elementor-widget-container\">\n\t\t\t\t\t<h2 class=\"elementor-heading-title elementor-size-default\">Inspiration in images<\/h2>\t\t\t\t<\/div>\n\t\t\t\t<\/div>\n\t\t\t\t<div class=\"elementor-element elementor-element-44d4234 elementor-invisible elementor-widget elementor-widget-heading\" data-id=\"44d4234\" data-element_type=\"widget\" data-e-type=\"widget\" data-settings=\"{&quot;_animation&quot;:&quot;fadeIn&quot;,&quot;_animation_delay&quot;:100}\" data-widget_type=\"heading.default\">\n\t\t\t\t<div class=\"elementor-widget-container\">\n\t\t\t\t\t<h2 class=\"elementor-heading-title elementor-size-default\">Explore our creations<\/h2>\t\t\t\t<\/div>\n\t\t\t\t<\/div>\n\t\t\t\t<div class=\"elementor-element elementor-element-3e3fdfdb elementor-widget-divider--view-line elementor-invisible elementor-widget elementor-widget-divider\" data-id=\"3e3fdfdb\" data-element_type=\"widget\" data-e-type=\"widget\" data-settings=\"{&quot;_animation&quot;:&quot;fadeIn&quot;,&quot;_animation_delay&quot;:300}\" data-widget_type=\"divider.default\">\n\t\t\t\t<div class=\"elementor-widget-container\">\n\t\t\t\t\t\t\t<div class=\"elementor-divider\">\n\t\t\t<span class=\"elementor-divider-separator\">\n\t\t\t\t\t\t<\/span>\n\t\t<\/div>\n\t\t\t\t\t\t<\/div>\n\t\t\t\t<\/div>\n\t\t\t\t<div class=\"elementor-element elementor-element-3d20454e elementor-invisible elementor-widget elementor-widget-heading\" data-id=\"3d20454e\" data-element_type=\"widget\" data-e-type=\"widget\" data-settings=\"{&quot;_animation&quot;:&quot;fadeIn&quot;,&quot;_animation_delay&quot;:150}\" data-widget_type=\"heading.default\">\n\t\t\t\t<div class=\"elementor-widget-container\">\n\t\t\t\t\t<h2 class=\"elementor-heading-title elementor-size-default\">Immerse yourself in our collection of projects, where architecture comes to life. Discover how we have transformed spaces, preserved stories and created works that stand out for their beauty and functionality.<\/h2>\t\t\t\t<\/div>\n\t\t\t\t<\/div>\n\t\t\t\t<div class=\"elementor-element elementor-element-059253a elementor-widget elementor-widget-gallery\" data-id=\"059253a\" data-element_type=\"widget\" data-e-type=\"widget\" data-settings=\"{&quot;gallery_layout&quot;:&quot;justified&quot;,&quot;ideal_row_height&quot;:{&quot;unit&quot;:&quot;px&quot;,&quot;size&quot;:400,&quot;sizes&quot;:[]},&quot;lazyload&quot;:&quot;yes&quot;,&quot;ideal_row_height_tablet&quot;:{&quot;unit&quot;:&quot;px&quot;,&quot;size&quot;:150,&quot;sizes&quot;:[]},&quot;ideal_row_height_mobile&quot;:{&quot;unit&quot;:&quot;px&quot;,&quot;size&quot;:150,&quot;sizes&quot;:[]},&quot;gap&quot;:{&quot;unit&quot;:&quot;px&quot;,&quot;size&quot;:10,&quot;sizes&quot;:[]},&quot;gap_tablet&quot;:{&quot;unit&quot;:&quot;px&quot;,&quot;size&quot;:10,&quot;sizes&quot;:[]},&quot;gap_mobile&quot;:{&quot;unit&quot;:&quot;px&quot;,&quot;size&quot;:10,&quot;sizes&quot;:[]},&quot;link_to&quot;:&quot;file&quot;,&quot;overlay_background&quot;:&quot;yes&quot;,&quot;content_hover_animation&quot;:&quot;fade-in&quot;}\" data-widget_type=\"gallery.default\">\n\t\t\t\t<div class=\"elementor-widget-container\">\n\t\t\t\t\t\t\t<div class=\"elementor-gallery__container\">\n\t\t\t\t\t\t\t<a class=\"e-gallery-item elementor-gallery-item elementor-animated-content\" href=\"https:\/\/www.habitarquitectura.com\/wp-content\/uploads\/2023\/11\/0102-Posada-02.jpg\" data-elementor-open-lightbox=\"yes\" data-elementor-lightbox-slideshow=\"059253a\" data-e-action-hash=\"#elementor-action%3Aaction%3Dlightbox%26settings%3DeyJpZCI6MTU3NywidXJsIjoiaHR0cHM6XC9cL3d3dy5oYWJpdGFycXVpdGVjdHVyYS5jb21cL3dwLWNvbnRlbnRcL3VwbG9hZHNcLzIwMjNcLzExXC8wMTAyLVBvc2FkYS0wMi5qcGciLCJzbGlkZXNob3ciOiIwNTkyNTNhIn0%3D\">\n\t\t\t\t\t<div class=\"e-gallery-image elementor-gallery-item__image\" data-thumbnail=\"https:\/\/www.habitarquitectura.com\/wp-content\/uploads\/2023\/11\/0102-Posada-02.jpg\" data-width=\"800\" data-height=\"1200\" aria-label=\"Habitar Arquitectura - Interior patio\" role=\"img\" ><\/div>\n\t\t\t\t\t\t\t\t\t\t\t<div class=\"elementor-gallery-item__overlay\"><\/div>\n\t\t\t\t\t\t\t\t\t\t\t\t\t\t<\/a>\n\t\t\t\t\t\t\t<a class=\"e-gallery-item elementor-gallery-item elementor-animated-content\" href=\"https:\/\/www.habitarquitectura.com\/wp-content\/uploads\/2026\/04\/foto-jesus-del-valle-1.jpg\" data-elementor-open-lightbox=\"yes\" data-elementor-lightbox-slideshow=\"059253a\" data-e-action-hash=\"#elementor-action%3Aaction%3Dlightbox%26settings%3DeyJpZCI6MjczNywidXJsIjoiaHR0cHM6XC9cL3d3dy5oYWJpdGFycXVpdGVjdHVyYS5jb21cL3dwLWNvbnRlbnRcL3VwbG9hZHNcLzIwMjZcLzA0XC9mb3RvLWplc3VzLWRlbC12YWxsZS0xLmpwZyIsInNsaWRlc2hvdyI6IjA1OTI1M2EifQ%3D%3D\">\n\t\t\t\t\t<div class=\"e-gallery-image elementor-gallery-item__image\" data-thumbnail=\"https:\/\/www.habitarquitectura.com\/wp-content\/uploads\/2026\/04\/foto-jesus-del-valle-1.jpg\" data-width=\"800\" data-height=\"600\" aria-label=\"photo jesus del valle 1\" role=\"img\" ><\/div>\n\t\t\t\t\t\t\t\t\t\t\t<div class=\"elementor-gallery-item__overlay\"><\/div>\n\t\t\t\t\t\t\t\t\t\t\t\t\t\t<\/a>\n\t\t\t\t\t\t\t<a class=\"e-gallery-item elementor-gallery-item elementor-animated-content\" href=\"https:\/\/www.habitarquitectura.com\/wp-content\/uploads\/2023\/11\/0302-Madera-foto-3.jpg\" data-elementor-open-lightbox=\"yes\" data-elementor-lightbox-slideshow=\"059253a\" data-e-action-hash=\"#elementor-action%3Aaction%3Dlightbox%26settings%3DeyJpZCI6MTU4MSwidXJsIjoiaHR0cHM6XC9cL3d3dy5oYWJpdGFycXVpdGVjdHVyYS5jb21cL3dwLWNvbnRlbnRcL3VwbG9hZHNcLzIwMjNcLzExXC8wMzAyLU1hZGVyYS1mb3RvLTMuanBnIiwic2xpZGVzaG93IjoiMDU5MjUzYSJ9\">\n\t\t\t\t\t<div class=\"e-gallery-image elementor-gallery-item__image\" data-thumbnail=\"https:\/\/www.habitarquitectura.com\/wp-content\/uploads\/2023\/11\/0302-Madera-foto-3.jpg\" data-width=\"1500\" data-height=\"1000\" aria-label=\"Habitar Arquitectura - Living room\" role=\"img\" ><\/div>\n\t\t\t\t\t\t\t\t\t\t\t<div class=\"elementor-gallery-item__overlay\"><\/div>\n\t\t\t\t\t\t\t\t\t\t\t\t\t\t<\/a>\n\t\t\t\t\t\t\t<a class=\"e-gallery-item elementor-gallery-item elementor-animated-content\" href=\"https:\/\/www.habitarquitectura.com\/wp-content\/uploads\/2023\/11\/0201-NH-Sanvy.jpg\" data-elementor-open-lightbox=\"yes\" data-elementor-lightbox-slideshow=\"059253a\" data-e-action-hash=\"#elementor-action%3Aaction%3Dlightbox%26settings%3DeyJpZCI6MTU3OSwidXJsIjoiaHR0cHM6XC9cL3d3dy5oYWJpdGFycXVpdGVjdHVyYS5jb21cL3dwLWNvbnRlbnRcL3VwbG9hZHNcLzIwMjNcLzExXC8wMjAxLU5ILVNhbnZ5LmpwZyIsInNsaWRlc2hvdyI6IjA1OTI1M2EifQ%3D%3D\">\n\t\t\t\t\t<div class=\"e-gallery-image elementor-gallery-item__image\" data-thumbnail=\"https:\/\/www.habitarquitectura.com\/wp-content\/uploads\/2023\/11\/0201-NH-Sanvy.jpg\" data-width=\"1500\" data-height=\"1125\" aria-label=\"Habitar Arquitectura - Building under construction\" role=\"img\" ><\/div>\n\t\t\t\t\t\t\t\t\t\t\t<div class=\"elementor-gallery-item__overlay\"><\/div>\n\t\t\t\t\t\t\t\t\t\t\t\t\t\t<\/a>\n\t\t\t\t\t\t\t<a class=\"e-gallery-item elementor-gallery-item elementor-animated-content\" href=\"https:\/\/www.habitarquitectura.com\/wp-content\/uploads\/2023\/11\/0401-Jesus-del-Valle-foto-20.jpg\" data-elementor-open-lightbox=\"yes\" data-elementor-lightbox-slideshow=\"059253a\" data-e-action-hash=\"#elementor-action%3Aaction%3Dlightbox%26settings%3DeyJpZCI6MTU4MywidXJsIjoiaHR0cHM6XC9cL3d3dy5oYWJpdGFycXVpdGVjdHVyYS5jb21cL3dwLWNvbnRlbnRcL3VwbG9hZHNcLzIwMjNcLzExXC8wNDAxLUplc3VzLWRlbC1WYWxsZS1mb3RvLTIwLmpwZyIsInNsaWRlc2hvdyI6IjA1OTI1M2EifQ%3D%3D\">\n\t\t\t\t\t<div class=\"e-gallery-image elementor-gallery-item__image\" data-thumbnail=\"https:\/\/www.habitarquitectura.com\/wp-content\/uploads\/2023\/11\/0401-Jesus-del-Valle-foto-20.jpg\" data-width=\"800\" data-height=\"1200\" aria-label=\"Habitar Arquitectura - Window\" role=\"img\" ><\/div>\n\t\t\t\t\t\t\t\t\t\t\t<div class=\"elementor-gallery-item__overlay\"><\/div>\n\t\t\t\t\t\t\t\t\t\t\t\t\t\t<\/a>\n\t\t\t\t\t\t\t<a class=\"e-gallery-item elementor-gallery-item elementor-animated-content\" href=\"https:\/\/www.habitarquitectura.com\/wp-content\/uploads\/2026\/04\/foto-12.jpg\" data-elementor-open-lightbox=\"yes\" data-elementor-lightbox-slideshow=\"059253a\" data-e-action-hash=\"#elementor-action%3Aaction%3Dlightbox%26settings%3DeyJpZCI6Mjc2NiwidXJsIjoiaHR0cHM6XC9cL3d3dy5oYWJpdGFycXVpdGVjdHVyYS5jb21cL3dwLWNvbnRlbnRcL3VwbG9hZHNcLzIwMjZcLzA0XC9mb3RvLTEyLmpwZyIsInNsaWRlc2hvdyI6IjA1OTI1M2EifQ%3D%3D\">\n\t\t\t\t\t<div class=\"e-gallery-image elementor-gallery-item__image\" data-thumbnail=\"https:\/\/www.habitarquitectura.com\/wp-content\/uploads\/2026\/04\/foto-12.jpg\" data-width=\"600\" data-height=\"500\" aria-label=\"photo 12\" role=\"img\" ><\/div>\n\t\t\t\t\t\t\t\t\t\t\t<div class=\"elementor-gallery-item__overlay\"><\/div>\n\t\t\t\t\t\t\t\t\t\t\t\t\t\t<\/a>\n\t\t\t\t\t\t\t<a class=\"e-gallery-item elementor-gallery-item elementor-animated-content\" href=\"https:\/\/www.habitarquitectura.com\/wp-content\/uploads\/2023\/11\/0303-Madera-foto-4.jpg\" data-elementor-open-lightbox=\"yes\" data-elementor-lightbox-slideshow=\"059253a\" data-e-action-hash=\"#elementor-action%3Aaction%3Dlightbox%26settings%3DeyJpZCI6MTU4MiwidXJsIjoiaHR0cHM6XC9cL3d3dy5oYWJpdGFycXVpdGVjdHVyYS5jb21cL3dwLWNvbnRlbnRcL3VwbG9hZHNcLzIwMjNcLzExXC8wMzAzLU1hZGVyYS1mb3RvLTQuanBnIiwic2xpZGVzaG93IjoiMDU5MjUzYSJ9\">\n\t\t\t\t\t<div class=\"e-gallery-image elementor-gallery-item__image\" data-thumbnail=\"https:\/\/www.habitarquitectura.com\/wp-content\/uploads\/2023\/11\/0303-Madera-foto-4.jpg\" data-width=\"1500\" data-height=\"1000\" aria-label=\"Habitar Arquitectura - Apartment\" role=\"img\" ><\/div>\n\t\t\t\t\t\t\t\t\t\t\t<div class=\"elementor-gallery-item__overlay\"><\/div>\n\t\t\t\t\t\t\t\t\t\t\t\t\t\t<\/a>\n\t\t\t\t\t\t\t<a class=\"e-gallery-item elementor-gallery-item elementor-animated-content\" href=\"https:\/\/www.habitarquitectura.com\/wp-content\/uploads\/2023\/11\/Fachada03.jpg\" data-elementor-open-lightbox=\"yes\" data-elementor-lightbox-slideshow=\"059253a\" data-e-action-hash=\"#elementor-action%3Aaction%3Dlightbox%26settings%3DeyJpZCI6MTU4NiwidXJsIjoiaHR0cHM6XC9cL3d3dy5oYWJpdGFycXVpdGVjdHVyYS5jb21cL3dwLWNvbnRlbnRcL3VwbG9hZHNcLzIwMjNcLzExXC9GYWNoYWRhMDMuanBnIiwic2xpZGVzaG93IjoiMDU5MjUzYSJ9\">\n\t\t\t\t\t<div class=\"e-gallery-image elementor-gallery-item__image\" data-thumbnail=\"https:\/\/www.habitarquitectura.com\/wp-content\/uploads\/2023\/11\/Fachada03.jpg\" data-width=\"800\" data-height=\"1200\" aria-label=\"Habitar Arquitectura - Facade\" role=\"img\" ><\/div>\n\t\t\t\t\t\t\t\t\t\t\t<div class=\"elementor-gallery-item__overlay\"><\/div>\n\t\t\t\t\t\t\t\t\t\t\t\t\t\t<\/a>\n\t\t\t\t\t\t\t<a class=\"e-gallery-item elementor-gallery-item elementor-animated-content\" href=\"https:\/\/www.habitarquitectura.com\/wp-content\/uploads\/2026\/04\/foto-5.jpg\" data-elementor-open-lightbox=\"yes\" data-elementor-lightbox-slideshow=\"059253a\" data-e-action-hash=\"#elementor-action%3Aaction%3Dlightbox%26settings%3DeyJpZCI6Mjc3MSwidXJsIjoiaHR0cHM6XC9cL3d3dy5oYWJpdGFycXVpdGVjdHVyYS5jb21cL3dwLWNvbnRlbnRcL3VwbG9hZHNcLzIwMjZcLzA0XC9mb3RvLTUuanBnIiwic2xpZGVzaG93IjoiMDU5MjUzYSJ9\">\n\t\t\t\t\t<div class=\"e-gallery-image elementor-gallery-item__image\" data-thumbnail=\"https:\/\/www.habitarquitectura.com\/wp-content\/uploads\/2026\/04\/foto-5.jpg\" data-width=\"800\" data-height=\"600\" aria-label=\"photo 5\" role=\"img\" ><\/div>\n\t\t\t\t\t\t\t\t\t\t\t<div class=\"elementor-gallery-item__overlay\"><\/div>\n\t\t\t\t\t\t\t\t\t\t\t\t\t\t<\/a>\n\t\t\t\t\t\t\t<a class=\"e-gallery-item elementor-gallery-item elementor-animated-content\" href=\"https:\/\/www.habitarquitectura.com\/wp-content\/uploads\/2026\/04\/0303-Madera-foto.jpg\" data-elementor-open-lightbox=\"yes\" data-elementor-lightbox-slideshow=\"059253a\" data-e-action-hash=\"#elementor-action%3Aaction%3Dlightbox%26settings%3DeyJpZCI6Mjc3MiwidXJsIjoiaHR0cHM6XC9cL3d3dy5oYWJpdGFycXVpdGVjdHVyYS5jb21cL3dwLWNvbnRlbnRcL3VwbG9hZHNcLzIwMjZcLzA0XC8wMzAzLU1hZGVyYS1mb3RvLmpwZyIsInNsaWRlc2hvdyI6IjA1OTI1M2EifQ%3D%3D\">\n\t\t\t\t\t<div class=\"e-gallery-image elementor-gallery-item__image\" data-thumbnail=\"https:\/\/www.habitarquitectura.com\/wp-content\/uploads\/2026\/04\/0303-Madera-foto.jpg\" data-width=\"800\" data-height=\"600\" aria-label=\"Modern kitchen and dining room in industrial style\" role=\"img\" ><\/div>\n\t\t\t\t\t\t\t\t\t\t\t<div class=\"elementor-gallery-item__overlay\"><\/div>\n\t\t\t\t\t\t\t\t\t\t\t\t\t\t<\/a>\n\t\t\t\t\t\t\t<a class=\"e-gallery-item elementor-gallery-item elementor-animated-content\" href=\"https:\/\/www.habitarquitectura.com\/wp-content\/uploads\/2023\/11\/0103-La-Antonita-06.jpg\" data-elementor-open-lightbox=\"yes\" data-elementor-lightbox-slideshow=\"059253a\" data-e-action-hash=\"#elementor-action%3Aaction%3Dlightbox%26settings%3DeyJpZCI6MTU3OCwidXJsIjoiaHR0cHM6XC9cL3d3dy5oYWJpdGFycXVpdGVjdHVyYS5jb21cL3dwLWNvbnRlbnRcL3VwbG9hZHNcLzIwMjNcLzExXC8wMTAzLUxhLUFudG9uaXRhLTA2LmpwZyIsInNsaWRlc2hvdyI6IjA1OTI1M2EifQ%3D%3D\">\n\t\t\t\t\t<div class=\"e-gallery-image elementor-gallery-item__image\" data-thumbnail=\"https:\/\/www.habitarquitectura.com\/wp-content\/uploads\/2023\/11\/0103-La-Antonita-06.jpg\" data-width=\"800\" data-height=\"1200\" aria-label=\"Habitar Arquitectura - Restaurant\" role=\"img\" ><\/div>\n\t\t\t\t\t\t\t\t\t\t\t<div class=\"elementor-gallery-item__overlay\"><\/div>\n\t\t\t\t\t\t\t\t\t\t\t\t\t\t<\/a>\n\t\t\t\t\t\t\t<a class=\"e-gallery-item elementor-gallery-item elementor-animated-content\" href=\"https:\/\/www.habitarquitectura.com\/wp-content\/uploads\/2023\/11\/0402-Jesus-del-Valle-foto-9.jpg\" data-elementor-open-lightbox=\"yes\" data-elementor-lightbox-slideshow=\"059253a\" data-e-action-hash=\"#elementor-action%3Aaction%3Dlightbox%26settings%3DeyJpZCI6MTU4NCwidXJsIjoiaHR0cHM6XC9cL3d3dy5oYWJpdGFycXVpdGVjdHVyYS5jb21cL3dwLWNvbnRlbnRcL3VwbG9hZHNcLzIwMjNcLzExXC8wNDAyLUplc3VzLWRlbC1WYWxsZS1mb3RvLTkuanBnIiwic2xpZGVzaG93IjoiMDU5MjUzYSJ9\">\n\t\t\t\t\t<div class=\"e-gallery-image elementor-gallery-item__image\" data-thumbnail=\"https:\/\/www.habitarquitectura.com\/wp-content\/uploads\/2023\/11\/0402-Jesus-del-Valle-foto-9.jpg\" data-width=\"1440\" data-height=\"960\" aria-label=\"Habitar Arquitectura - Apartment\" role=\"img\" ><\/div>\n\t\t\t\t\t\t\t\t\t\t\t<div class=\"elementor-gallery-item__overlay\"><\/div>\n\t\t\t\t\t\t\t\t\t\t\t\t\t\t<\/a>\n\t\t\t\t\t\t\t<a class=\"e-gallery-item elementor-gallery-item elementor-animated-content\" href=\"https:\/\/www.habitarquitectura.com\/wp-content\/uploads\/2026\/04\/0303-Madera-foto-4.jpg\" data-elementor-open-lightbox=\"yes\" data-elementor-lightbox-slideshow=\"059253a\" data-e-action-hash=\"#elementor-action%3Aaction%3Dlightbox%26settings%3DeyJpZCI6Mjc2NywidXJsIjoiaHR0cHM6XC9cL3d3dy5oYWJpdGFycXVpdGVjdHVyYS5jb21cL3dwLWNvbnRlbnRcL3VwbG9hZHNcLzIwMjZcLzA0XC8wMzAzLU1hZGVyYS1mb3RvLTQuanBnIiwic2xpZGVzaG93IjoiMDU5MjUzYSJ9\">\n\t\t\t\t\t<div class=\"e-gallery-image elementor-gallery-item__image\" data-thumbnail=\"https:\/\/www.habitarquitectura.com\/wp-content\/uploads\/2026\/04\/0303-Madera-foto-4.jpg\" data-width=\"600\" data-height=\"500\" aria-label=\"0303 Wood photo 4\" role=\"img\" ><\/div>\n\t\t\t\t\t\t\t\t\t\t\t<div class=\"elementor-gallery-item__overlay\"><\/div>\n\t\t\t\t\t\t\t\t\t\t\t\t\t\t<\/a>\n\t\t\t\t\t\t\t<a class=\"e-gallery-item elementor-gallery-item elementor-animated-content\" href=\"https:\/\/www.habitarquitectura.com\/wp-content\/uploads\/2023\/11\/0501-Ministriles.jpg\" data-elementor-open-lightbox=\"yes\" data-elementor-lightbox-slideshow=\"059253a\" data-e-action-hash=\"#elementor-action%3Aaction%3Dlightbox%26settings%3DeyJpZCI6MTU4NSwidXJsIjoiaHR0cHM6XC9cL3d3dy5oYWJpdGFycXVpdGVjdHVyYS5jb21cL3dwLWNvbnRlbnRcL3VwbG9hZHNcLzIwMjNcLzExXC8wNTAxLU1pbmlzdHJpbGVzLmpwZyIsInNsaWRlc2hvdyI6IjA1OTI1M2EifQ%3D%3D\">\n\t\t\t\t\t<div class=\"e-gallery-image elementor-gallery-item__image\" data-thumbnail=\"https:\/\/www.habitarquitectura.com\/wp-content\/uploads\/2023\/11\/0501-Ministriles.jpg\" data-width=\"1500\" data-height=\"1000\" aria-label=\"Habitar Arquitectura - Living room\" role=\"img\" ><\/div>\n\t\t\t\t\t\t\t\t\t\t\t<div class=\"elementor-gallery-item__overlay\"><\/div>\n\t\t\t\t\t\t\t\t\t\t\t\t\t\t<\/a>\n\t\t\t\t\t\t\t<a class=\"e-gallery-item elementor-gallery-item elementor-animated-content\" href=\"https:\/\/www.habitarquitectura.com\/wp-content\/uploads\/2026\/04\/foto-jesus-del-valle-2.jpg\" data-elementor-open-lightbox=\"yes\" data-elementor-lightbox-slideshow=\"059253a\" data-e-action-hash=\"#elementor-action%3Aaction%3Dlightbox%26settings%3DeyJpZCI6Mjc1NywidXJsIjoiaHR0cHM6XC9cL3d3dy5oYWJpdGFycXVpdGVjdHVyYS5jb21cL3dwLWNvbnRlbnRcL3VwbG9hZHNcLzIwMjZcLzA0XC9mb3RvLWplc3VzLWRlbC12YWxsZS0yLmpwZyIsInNsaWRlc2hvdyI6IjA1OTI1M2EifQ%3D%3D\">\n\t\t\t\t\t<div class=\"e-gallery-image elementor-gallery-item__image\" data-thumbnail=\"https:\/\/www.habitarquitectura.com\/wp-content\/uploads\/2026\/04\/foto-jesus-del-valle-2.jpg\" data-width=\"800\" data-height=\"600\" aria-label=\"photo jesus del valle 2\" role=\"img\" ><\/div>\n\t\t\t\t\t\t\t\t\t\t\t<div class=\"elementor-gallery-item__overlay\"><\/div>\n\t\t\t\t\t\t\t\t\t\t\t\t\t\t<\/a>\n\t\t\t\t\t\t\t<a class=\"e-gallery-item elementor-gallery-item elementor-animated-content\" href=\"https:\/\/www.habitarquitectura.com\/wp-content\/uploads\/2023\/11\/0301-Madera-foto-2.jpg\" data-elementor-open-lightbox=\"yes\" data-elementor-lightbox-slideshow=\"059253a\" data-e-action-hash=\"#elementor-action%3Aaction%3Dlightbox%26settings%3DeyJpZCI6MTU4MCwidXJsIjoiaHR0cHM6XC9cL3d3dy5oYWJpdGFycXVpdGVjdHVyYS5jb21cL3dwLWNvbnRlbnRcL3VwbG9hZHNcLzIwMjNcLzExXC8wMzAxLU1hZGVyYS1mb3RvLTIuanBnIiwic2xpZGVzaG93IjoiMDU5MjUzYSJ9\">\n\t\t\t\t\t<div class=\"e-gallery-image elementor-gallery-item__image\" data-thumbnail=\"https:\/\/www.habitarquitectura.com\/wp-content\/uploads\/2023\/11\/0301-Madera-foto-2.jpg\" data-width=\"1500\" data-height=\"1000\" aria-label=\"Habitar Arquitectura - Living room\" role=\"img\" ><\/div>\n\t\t\t\t\t\t\t\t\t\t\t<div class=\"elementor-gallery-item__overlay\"><\/div>\n\t\t\t\t\t\t\t\t\t\t\t\t\t\t<\/a>\n\t\t\t\t\t<\/div>\n\t\t\t\t\t<\/div>\n\t\t\t\t<\/div>\n\t\t\t\t\t<\/div>\n\t\t<\/div>\n\t\t\t\t\t<\/div>\n\t\t<\/section>\n\t\t\t\t<\/div>","protected":false},"excerpt":{"rendered":"<p>Proyectos Inspiraci\u00f3n en im\u00e1genes Explora nuestras creaciones Sum\u00e9rgete en nuestra colecci\u00f3n de proyectos, donde la arquitectura cobra vida. Descubre c\u00f3mo hemos transformado espacios, preservado historias y creado obras que destacan por su belleza y funcionalidad.<\/p>","protected":false},"author":2,"featured_media":392,"parent":0,"menu_order":3,"comment_status":"closed","ping_status":"closed","template":"","meta":{"site-sidebar-layout":"no-sidebar","site-content-layout":"page-builder","ast-site-content-layout":"full-width-container","site-content-style":"default","site-sidebar-style":"default","ast-global-header-display":"","ast-banner-title-visibility":"","ast-main-header-display":"","ast-hfb-above-header-display":"","ast-hfb-below-header-display":"","ast-hfb-mobile-header-display":"","site-post-title":"disabled","ast-breadcrumbs-content":"","ast-featured-img":"disabled","footer-sml-layout":"","ast-disable-related-posts":"","theme-transparent-header-meta":"default","adv-header-id-meta":"","stick-header-meta":"default","header-above-stick-meta":"","header-main-stick-meta":"","header-below-stick-meta":"","astra-migrate-meta-layouts":"set","ast-page-background-enabled":"default","ast-page-background-meta":{"desktop":{"background-color":"","background-image":"","background-repeat":"repeat","background-position":"center center","background-size":"auto","background-attachment":"scroll","background-type":"","background-media":"","overlay-type":"","overlay-color":"","overlay-opacity":"","overlay-gradient":""},"tablet":{"background-color":"","background-image":"","background-repeat":"repeat","background-position":"center center","background-size":"auto","background-attachment":"scroll","background-type":"","background-media":"","overlay-type":"","overlay-color":"","overlay-opacity":"","overlay-gradient":""},"mobile":{"background-color":"","background-image":"","background-repeat":"repeat","background-position":"center center","background-size":"auto","background-attachment":"scroll","background-type":"","background-media":"","overlay-type":"","overlay-color":"","overlay-opacity":"","overlay-gradient":""}},"ast-content-background-meta":{"desktop":{"background-color":"var(--ast-global-color-5)","background-image":"","background-repeat":"repeat","background-position":"center center","background-size":"auto","background-attachment":"scroll","background-type":"","background-media":"","overlay-type":"","overlay-color":"","overlay-opacity":"","overlay-gradient":""},"tablet":{"background-color":"var(--ast-global-color-5)","background-image":"","background-repeat":"repeat","background-position":"center center","background-size":"auto","background-attachment":"scroll","background-type":"","background-media":"","overlay-type":"","overlay-color":"","overlay-opacity":"","overlay-gradient":""},"mobile":{"background-color":"var(--ast-global-color-5)","background-image":"","background-repeat":"repeat","background-position":"center center","background-size":"auto","background-attachment":"scroll","background-type":"","background-media":"","overlay-type":"","overlay-color":"","overlay-opacity":"","overlay-gradient":""}},"footnotes":""},"class_list":["post-1514","page","type-page","status-publish","has-post-thumbnail","hentry"],"yoast_head":"<!-- This site is optimized with the Yoast SEO plugin v27.5 - https:\/\/yoast.com\/product\/yoast-seo-wordpress\/ -->\n<title>Proyectos - Habitar Arquitectura<\/title>\n<meta name=\"description\" content=\"Descubre nuestra inspiraci\u00f3n arquitect\u00f3nica en im\u00e1genes. Transformamos espacios, preservamos historias y creamos belleza y funcionalidad.\" \/>\n<meta name=\"robots\" content=\"index, follow, max-snippet:-1, max-image-preview:large, max-video-preview:-1\" \/>\n<link rel=\"canonical\" href=\"https:\/\/www.habitarquitectura.com\/en\/projects\/\" \/>\n<meta property=\"og:locale\" content=\"en_US\" \/>\n<meta property=\"og:type\" content=\"article\" \/>\n<meta property=\"og:title\" content=\"Proyectos - Habitar Arquitectura\" \/>\n<meta property=\"og:description\" content=\"Descubre nuestra inspiraci\u00f3n arquitect\u00f3nica en im\u00e1genes. Transformamos espacios, preservamos historias y creamos belleza y funcionalidad.\" \/>\n<meta property=\"og:url\" content=\"https:\/\/www.habitarquitectura.com\/en\/projects\/\" \/>\n<meta property=\"og:site_name\" content=\"Habitar Arquitectura\" \/>\n<meta property=\"article:modified_time\" content=\"2026-04-15T09:23:22+00:00\" \/>\n<meta property=\"og:image\" content=\"https:\/\/www.habitarquitectura.com\/wp-content\/uploads\/2023\/08\/logotipo.png\" \/>\n\t<meta property=\"og:image:width\" content=\"480\" \/>\n\t<meta property=\"og:image:height\" content=\"571\" \/>\n\t<meta property=\"og:image:type\" content=\"image\/png\" \/>\n<meta name=\"twitter:card\" content=\"summary_large_image\" \/>\n<script type=\"application\/ld+json\" class=\"yoast-schema-graph\">{\"@context\":\"https:\\\/\\\/schema.org\",\"@graph\":[{\"@type\":\"WebPage\",\"@id\":\"https:\\\/\\\/www.habitarquitectura.com\\\/proyectos\\\/\",\"url\":\"https:\\\/\\\/www.habitarquitectura.com\\\/proyectos\\\/\",\"name\":\"Proyectos - Habitar Arquitectura\",\"isPartOf\":{\"@id\":\"https:\\\/\\\/www.habitarquitectura.com\\\/#website\"},\"primaryImageOfPage\":{\"@id\":\"https:\\\/\\\/www.habitarquitectura.com\\\/proyectos\\\/#primaryimage\"},\"image\":{\"@id\":\"https:\\\/\\\/www.habitarquitectura.com\\\/proyectos\\\/#primaryimage\"},\"thumbnailUrl\":\"https:\\\/\\\/www.habitarquitectura.com\\\/wp-content\\\/uploads\\\/2023\\\/08\\\/logotipo.png\",\"datePublished\":\"2023-08-31T09:06:39+00:00\",\"dateModified\":\"2026-04-15T09:23:22+00:00\",\"description\":\"Descubre nuestra inspiraci\u00f3n arquitect\u00f3nica en im\u00e1genes. Transformamos espacios, preservamos historias y creamos belleza y funcionalidad.\",\"breadcrumb\":{\"@id\":\"https:\\\/\\\/www.habitarquitectura.com\\\/proyectos\\\/#breadcrumb\"},\"inLanguage\":\"en-US\",\"potentialAction\":[{\"@type\":\"ReadAction\",\"target\":[\"https:\\\/\\\/www.habitarquitectura.com\\\/proyectos\\\/\"]}]},{\"@type\":\"ImageObject\",\"inLanguage\":\"en-US\",\"@id\":\"https:\\\/\\\/www.habitarquitectura.com\\\/proyectos\\\/#primaryimage\",\"url\":\"https:\\\/\\\/www.habitarquitectura.com\\\/wp-content\\\/uploads\\\/2023\\\/08\\\/logotipo.png\",\"contentUrl\":\"https:\\\/\\\/www.habitarquitectura.com\\\/wp-content\\\/uploads\\\/2023\\\/08\\\/logotipo.png\",\"width\":480,\"height\":571,\"caption\":\"Habitar Arquitectura - Logotipo\"},{\"@type\":\"BreadcrumbList\",\"@id\":\"https:\\\/\\\/www.habitarquitectura.com\\\/proyectos\\\/#breadcrumb\",\"itemListElement\":[{\"@type\":\"ListItem\",\"position\":1,\"name\":\"Inicio\",\"item\":\"https:\\\/\\\/www.habitarquitectura.com\\\/\"},{\"@type\":\"ListItem\",\"position\":2,\"name\":\"Proyectos\"}]},{\"@type\":\"WebSite\",\"@id\":\"https:\\\/\\\/www.habitarquitectura.com\\\/#website\",\"url\":\"https:\\\/\\\/www.habitarquitectura.com\\\/\",\"name\":\"Habitar Arquitectura\",\"description\":\"Arquitectura y rehabilitaci\u00f3n\",\"publisher\":{\"@id\":\"https:\\\/\\\/www.habitarquitectura.com\\\/#organization\"},\"potentialAction\":[{\"@type\":\"SearchAction\",\"target\":{\"@type\":\"EntryPoint\",\"urlTemplate\":\"https:\\\/\\\/www.habitarquitectura.com\\\/?s={search_term_string}\"},\"query-input\":{\"@type\":\"PropertyValueSpecification\",\"valueRequired\":true,\"valueName\":\"search_term_string\"}}],\"inLanguage\":\"en-US\"},{\"@type\":\"Organization\",\"@id\":\"https:\\\/\\\/www.habitarquitectura.com\\\/#organization\",\"name\":\"Habitar Arquitectura\",\"url\":\"https:\\\/\\\/www.habitarquitectura.com\\\/\",\"logo\":{\"@type\":\"ImageObject\",\"inLanguage\":\"en-US\",\"@id\":\"https:\\\/\\\/www.habitarquitectura.com\\\/#\\\/schema\\\/logo\\\/image\\\/\",\"url\":\"https:\\\/\\\/www.habitarquitectura.com\\\/wp-content\\\/uploads\\\/2023\\\/11\\\/Habitarquitectura.png\",\"contentUrl\":\"https:\\\/\\\/www.habitarquitectura.com\\\/wp-content\\\/uploads\\\/2023\\\/11\\\/Habitarquitectura.png\",\"width\":1200,\"height\":675,\"caption\":\"Habitar Arquitectura\"},\"image\":{\"@id\":\"https:\\\/\\\/www.habitarquitectura.com\\\/#\\\/schema\\\/logo\\\/image\\\/\"}}]}<\/script>\n<!-- \/ Yoast SEO plugin. -->","yoast_head_json":{"title":"Projects - Habitar Arquitectura","description":"Discover our architectural inspiration in images. We transform spaces, preserve stories and create beauty and functionality.","robots":{"index":"index","follow":"follow","max-snippet":"max-snippet:-1","max-image-preview":"max-image-preview:large","max-video-preview":"max-video-preview:-1"},"canonical":"https:\/\/www.habitarquitectura.com\/en\/projects\/","og_locale":"en_US","og_type":"article","og_title":"Proyectos - Habitar Arquitectura","og_description":"Descubre nuestra inspiraci\u00f3n arquitect\u00f3nica en im\u00e1genes. Transformamos espacios, preservamos historias y creamos belleza y funcionalidad.","og_url":"https:\/\/www.habitarquitectura.com\/en\/projects\/","og_site_name":"Habitar Arquitectura","article_modified_time":"2026-04-15T09:23:22+00:00","og_image":[{"width":480,"height":571,"url":"https:\/\/www.habitarquitectura.com\/wp-content\/uploads\/2023\/08\/logotipo.png","type":"image\/png"}],"twitter_card":"summary_large_image","schema":{"@context":"https:\/\/schema.org","@graph":[{"@type":"WebPage","@id":"https:\/\/www.habitarquitectura.com\/proyectos\/","url":"https:\/\/www.habitarquitectura.com\/proyectos\/","name":"Projects - Habitar Arquitectura","isPartOf":{"@id":"https:\/\/www.habitarquitectura.com\/#website"},"primaryImageOfPage":{"@id":"https:\/\/www.habitarquitectura.com\/proyectos\/#primaryimage"},"image":{"@id":"https:\/\/www.habitarquitectura.com\/proyectos\/#primaryimage"},"thumbnailUrl":"https:\/\/www.habitarquitectura.com\/wp-content\/uploads\/2023\/08\/logotipo.png","datePublished":"2023-08-31T09:06:39+00:00","dateModified":"2026-04-15T09:23:22+00:00","description":"Discover our architectural inspiration in images. We transform spaces, preserve stories and create beauty and functionality.","breadcrumb":{"@id":"https:\/\/www.habitarquitectura.com\/proyectos\/#breadcrumb"},"inLanguage":"en-US","potentialAction":[{"@type":"ReadAction","target":["https:\/\/www.habitarquitectura.com\/proyectos\/"]}]},{"@type":"ImageObject","inLanguage":"en-US","@id":"https:\/\/www.habitarquitectura.com\/proyectos\/#primaryimage","url":"https:\/\/www.habitarquitectura.com\/wp-content\/uploads\/2023\/08\/logotipo.png","contentUrl":"https:\/\/www.habitarquitectura.com\/wp-content\/uploads\/2023\/08\/logotipo.png","width":480,"height":571,"caption":"Habitar Arquitectura - Logotipo"},{"@type":"BreadcrumbList","@id":"https:\/\/www.habitarquitectura.com\/proyectos\/#breadcrumb","itemListElement":[{"@type":"ListItem","position":1,"name":"Inicio","item":"https:\/\/www.habitarquitectura.com\/"},{"@type":"ListItem","position":2,"name":"Proyectos"}]},{"@type":"WebSite","@id":"https:\/\/www.habitarquitectura.com\/#website","url":"https:\/\/www.habitarquitectura.com\/","name":"Habitar Arquitectura","description":"Architecture and rehabilitation","publisher":{"@id":"https:\/\/www.habitarquitectura.com\/#organization"},"potentialAction":[{"@type":"SearchAction","target":{"@type":"EntryPoint","urlTemplate":"https:\/\/www.habitarquitectura.com\/?s={search_term_string}"},"query-input":{"@type":"PropertyValueSpecification","valueRequired":true,"valueName":"search_term_string"}}],"inLanguage":"en-US"},{"@type":"Organization","@id":"https:\/\/www.habitarquitectura.com\/#organization","name":"Habitar Arquitectura","url":"https:\/\/www.habitarquitectura.com\/","logo":{"@type":"ImageObject","inLanguage":"en-US","@id":"https:\/\/www.habitarquitectura.com\/#\/schema\/logo\/image\/","url":"https:\/\/www.habitarquitectura.com\/wp-content\/uploads\/2023\/11\/Habitarquitectura.png","contentUrl":"https:\/\/www.habitarquitectura.com\/wp-content\/uploads\/2023\/11\/Habitarquitectura.png","width":1200,"height":675,"caption":"Habitar Arquitectura"},"image":{"@id":"https:\/\/www.habitarquitectura.com\/#\/schema\/logo\/image\/"}}]}},"_links":{"self":[{"href":"https:\/\/www.habitarquitectura.com\/en\/wp-json\/wp\/v2\/pages\/1514","targetHints":{"allow":["GET"]}}],"collection":[{"href":"https:\/\/www.habitarquitectura.com\/en\/wp-json\/wp\/v2\/pages"}],"about":[{"href":"https:\/\/www.habitarquitectura.com\/en\/wp-json\/wp\/v2\/types\/page"}],"author":[{"embeddable":true,"href":"https:\/\/www.habitarquitectura.com\/en\/wp-json\/wp\/v2\/users\/2"}],"replies":[{"embeddable":true,"href":"https:\/\/www.habitarquitectura.com\/en\/wp-json\/wp\/v2\/comments?post=1514"}],"version-history":[{"count":26,"href":"https:\/\/www.habitarquitectura.com\/en\/wp-json\/wp\/v2\/pages\/1514\/revisions"}],"predecessor-version":[{"id":2824,"href":"https:\/\/www.habitarquitectura.com\/en\/wp-json\/wp\/v2\/pages\/1514\/revisions\/2824"}],"wp:featuredmedia":[{"embeddable":true,"href":"https:\/\/www.habitarquitectura.com\/en\/wp-json\/wp\/v2\/media\/392"}],"wp:attachment":[{"href":"https:\/\/www.habitarquitectura.com\/en\/wp-json\/wp\/v2\/media?parent=1514"}],"curies":[{"name":"wp","href":"https:\/\/api.w.org\/{rel}","templated":true}]}}